{"id":5084,"date":"2018-12-26T07:53:24","date_gmt":"2018-12-26T06:53:24","guid":{"rendered":"http:\/\/www.presstourism.ch\/WP_ALEX\/?page_id=5084"},"modified":"2018-12-26T07:54:09","modified_gmt":"2018-12-26T06:54:09","slug":"le-renouveau-du-camping-%ef%bb%bf","status":"publish","type":"page","link":"http:\/\/www.presstourism.ch\/?page_id=5084","title":{"rendered":"Le renouveau du camping \ufeff"},"content":{"rendered":"\n<figure class=\"wp-block-image\"><img loading=\"lazy\" width=\"584\" height=\"365\" src=\"https:\/\/i0.wp.com\/www.presstourism.ch\/WP_ALEX\/wp-content\/uploads\/2018\/12\/glamping-buochs4-ba46c453e8e71c0g4728f70ca28a3644.jpg?resize=584%2C365\" alt=\"\" class=\"wp-image-5086\" srcset=\"https:\/\/i2.wp.com\/www.presstourism.ch\/wp-content\/uploads\/2018\/12\/glamping-buochs4-ba46c453e8e71c0g4728f70ca28a3644.jpg?w=700 700w, https:\/\/i2.wp.com\/www.presstourism.ch\/wp-content\/uploads\/2018\/12\/glamping-buochs4-ba46c453e8e71c0g4728f70ca28a3644.jpg?resize=300%2C188 300w, https:\/\/i2.wp.com\/www.presstourism.ch\/wp-content\/uploads\/2018\/12\/glamping-buochs4-ba46c453e8e71c0g4728f70ca28a3644.jpg?resize=600%2C375 600w\" sizes=\"(max-width: 584px) 100vw, 584px\" data-recalc-dims=\"1\" \/><figcaption> <br>Cet \u00e9t\u00e9, le camping de Buochs (NW) a enregistr\u00e9 12&rsquo;464 nuit\u00e9es en plus comparativement \u00e0 l\u2019\u00e9t\u00e9 2017.  <\/figcaption><\/figure>\n\n\n\n<p><strong>Port\u00e9s par un \u00e9t\u00e9 qui a jou\u00e9 les prolongations, les\ncampings suisses ont \u00e9t\u00e9 fort fr\u00e9quent\u00e9s ces derniers mois. C\u2019est ainsi que le\nleader national en la mati\u00e8re, TCS Camping, est parvenu \u00e0 augmenter le nombre\nde nuit\u00e9es de plus de 12% (12,53% pour \u00eatre exact) de ses 23 emplacements, entre\nmars et fin septembre dernier, comparativement \u00e0 la p\u00e9riode correspondante de\n2017, soit un total de 562&rsquo;800 nuit\u00e9es. Un record. &nbsp;<\/strong><\/p>\n\n\n\n<p>Cette tendance de fond a \u00e9t\u00e9 particuli\u00e8rement\nobserv\u00e9e aux campings lucernois de Sempach (+13\u2019244\nnuit\u00e9es) et de Buochs, dans le demi-canton de Nidwald (+12\u2019464 nuit\u00e9es). \u00abLeur\nprogression marqu\u00e9e s\u2019explique par l\u2019assainissement du second l\u2019an pass\u00e9, leur\nsituation privil\u00e9gi\u00e9e, respectivement au bord d\u2019un lac et \u00e0 proximit\u00e9 de l\u2019axe\nnord-sud, ainsi que par une bonne couverture m\u00e9diatique\u00bb, souligne Oliver\nGr\u00fctzner, responsable Tourisme &amp; Loisirs aupr\u00e8s du TCS.<\/p>\n\n\n\n<p>De mani\u00e8re g\u00e9n\u00e9rale, le camping a su op\u00e9rer sa mue, les\nlogements \u00abglamping\u00bb, aussi originaux que confortables, \u00e0 l\u2019image des roulotes\nnostalgie et des tentes safari de TCS Camping, les AirLodges de Sion (logements sous tente sur deux \u00e9tages avec cuisine,\nsalle de bain et terrasse), des quatre spacieux mobil homes offrant chacun\ntrois chambres \u00e0 coucher, deux salles de bain et une cuisine de Lugano-Muzzano,\ndes petits \u00abbivouaks\u00bb, soit des tentes sur pilotis, sont\nd\u00e9sormais devenus courants. Et ils ont affich\u00e9 complet au c\u0153ur de l\u2019\u00e9t\u00e9.\nNotamment gr\u00e2ce aux jeunes. <\/p>\n\n\n\n<p><strong>De\nnouveaux concepts <\/strong><\/p>\n\n\n\n<p>Parall\u00e8lement, deux nouveaux concepts \u00e9labor\u00e9s par le TCS\nont re\u00e7u un accueil tr\u00e8s favorable: le premier Festival TCS Camping en juillet\n\u00e0 Soleure, qui a fait le plein \u2013 un village, une tente de cirque, des cantines de\nf\u00eate, une sc\u00e8ne pour des \u00e9v\u00e9nements, des retransmissions en direct de la Coupe\ndu monde de football, ainsi qu&rsquo;un vaste programme de distractions \u2013 (il sera r\u00e9\u00e9dit\u00e9 du 5 au 7 juillet 2019 au camping de Sion), et le concept \u00abCamping\nPop-up\u00bb mis sur pied pour la premi\u00e8re fois au festival de musique OpenAir de\nSt-Gall, avec des abris ressemblant \u00e0 des tentes. Ils seront d\u00e9finitivement\nlanc\u00e9s en 2019, la phase de test s\u2019\u00e9tant av\u00e9r\u00e9e concluante. <\/p>\n\n\n\n<p><strong>L\u2019appel\nde la nature<\/strong><\/p>\n\n\n\n<p>\u00abCe style de s\u00e9jour est (re)devenu populaire, aussi bien\nsous forme mobile que fixe. Les raisons principales en sont l\u2019envie de nature\net de simplicit\u00e9, les besoins de loisirs individuels sans pour autant sacrifier\nle confort, et le d\u00e9sir d\u2019une grande flexibilit\u00e9 g\u00e9ographique et temporelle\u00bb,\npoursuit Oliver Gr\u00fctzner. <\/p>\n\n\n\n<p>Cette tendance concerne toutes les cat\u00e9gories d\u2019\u00e2ge et\nl\u2019ensemble du pays, \u00e0 l\u2019exception \u2013 relative \u2013 du Tessin. \u00abL\u2019\u00e9t\u00e9 exceptionnel\nque nous avons v\u00e9cu a incit\u00e9 nos compatriotes&nbsp;\u00e0 camper plut\u00f4t en Suisse\nal\u00e9manique qu\u2019\u00e0 rechercher le (trop?) chaud dans le canton italophone. Du coup,\nle nombre de nuit\u00e9es y a recul\u00e9 de 5,84%.\u00bb &nbsp;<\/p>\n\n\n\n<p>Sans verser dans un optimisme b\u00e9at, le responsable\nTourisme &amp; Loisirs du TCS estime que la tendance du camping glamour est\nancr\u00e9e dans la dur\u00e9e, car il \u00abcorrespond aux attentes actuelles des touristes\nen raison, notamment, de la situation g\u00e9opolitique\u00bb.<\/p>\n\n\n\n<p>&nbsp;&nbsp;&nbsp;&nbsp;&nbsp;&nbsp;&nbsp;&nbsp;&nbsp;&nbsp;&nbsp;&nbsp;&nbsp;&nbsp;&nbsp;&nbsp;&nbsp;&nbsp;&nbsp;&nbsp;&nbsp;&nbsp;&nbsp;&nbsp;&nbsp;&nbsp;&nbsp;&nbsp;&nbsp;&nbsp;&nbsp;&nbsp;&nbsp;&nbsp;&nbsp;&nbsp;&nbsp;&nbsp;&nbsp;&nbsp;&nbsp;&nbsp;&nbsp;&nbsp;&nbsp;&nbsp;&nbsp;&nbsp;&nbsp;&nbsp;&nbsp;&nbsp;&nbsp;&nbsp;&nbsp;&nbsp; <em>Didier Walzer<\/em><\/p>\n\n\n\n<figure class=\"wp-block-image\"><img loading=\"lazy\" width=\"584\" height=\"365\" src=\"https:\/\/i2.wp.com\/www.presstourism.ch\/WP_ALEX\/wp-content\/uploads\/2018\/12\/glamping-sion-5-c20ea86a6266ccdgc4eadc89050948c4.jpg?resize=584%2C365\" alt=\"\" class=\"wp-image-5085\" srcset=\"https:\/\/i1.wp.com\/www.presstourism.ch\/wp-content\/uploads\/2018\/12\/glamping-sion-5-c20ea86a6266ccdgc4eadc89050948c4.jpg?w=700 700w, https:\/\/i1.wp.com\/www.presstourism.ch\/wp-content\/uploads\/2018\/12\/glamping-sion-5-c20ea86a6266ccdgc4eadc89050948c4.jpg?resize=300%2C188 300w, https:\/\/i1.wp.com\/www.presstourism.ch\/wp-content\/uploads\/2018\/12\/glamping-sion-5-c20ea86a6266ccdgc4eadc89050948c4.jpg?resize=600%2C375 600w\" sizes=\"(max-width: 584px) 100vw, 584px\" data-recalc-dims=\"1\" \/><figcaption> <br>Les pods (cabanes en bois) du camping de Sion (VS), embl\u00e9matiques de la tendance \u00abglamping\u00bb, s\u00e9duisent la client\u00e8le.  <\/figcaption><\/figure>\n\n\n\n<p><strong>Suisses\net h\u00f4tes \u00e9trangers font le bonheur des campings <\/strong><\/p>\n\n\n\n<p>La parah\u00f4tellerie (logements de vacances, auberges de\njeunesse et campings) a enregistr\u00e9 15,9 millions de nuit\u00e9es en 2017, soit une\naugmentation de 6,9% par rapport \u00e0 l\u2019ann\u00e9e pr\u00e9c\u00e9dente.&nbsp; <\/p>\n\n\n\n<p>Les Suisses ont \u00abconsomm\u00e9\u00bb 10,8 millions de nuit\u00e9es, soit\n7% de plus qu\u2019en 2016. Le \u00abvolume\u00bb d\u2019\u00e9trangers a, lui, grimp\u00e9 de 6,6% pour\natteindre 5 millions de nuit\u00e9es. <\/p>\n\n\n\n<p>La majeure partie des \u00abnuit\u00e9es \u00e9trang\u00e8res\u00bb,\nsoit 4,2 millions, \u00e9tait le fait de touristes europ\u00e9ens, soit un total de 8,4%\nde nuit\u00e9es suppl\u00e9mentaires en Suisse de leur part comparativement \u00e0 2016. &nbsp;<\/p>\n\n\n\n<p>Les campings sont particuli\u00e8rement appr\u00e9ci\u00e9s,\nqui affichent la plus forte progression de la parah\u00f4tellerie (+14% \u00e0 3,2\nmillions de nuit\u00e9es). Ce type d\u2019h\u00e9bergement a \u00e9t\u00e9 particuli\u00e8rement pris\u00e9 des\nSuisses, qui ont g\u00e9n\u00e9r\u00e9 un accroissement de 20% \u00e0 2,1 millions de nuit\u00e9es.<\/p>\n","protected":false},"excerpt":{"rendered":"<p>Port\u00e9s par un \u00e9t\u00e9 qui a jou\u00e9 les prolongations, les campings suisses ont \u00e9t\u00e9 fort fr\u00e9quent\u00e9s ces derniers mois. C\u2019est ainsi que le leader national en la mati\u00e8re, TCS Camping, est parvenu \u00e0 augmenter le nombre de nuit\u00e9es de plus &hellip; <a href=\"http:\/\/www.presstourism.ch\/?page_id=5084\">Continuer la lecture <span class=\"meta-nav\">&rarr;<\/span><\/a><\/p>\n","protected":false},"author":1,"featured_media":0,"parent":341,"menu_order":0,"comment_status":"closed","ping_status":"closed","template":"","meta":{"ngg_post_thumbnail":0,"spay_email":""},"jetpack_sharing_enabled":true,"jetpack_shortlink":"https:\/\/wp.me\/P468TV-1k0","_links":{"self":[{"href":"http:\/\/www.presstourism.ch\/index.php?rest_route=\/wp\/v2\/pages\/5084"}],"collection":[{"href":"http:\/\/www.presstourism.ch\/index.php?rest_route=\/wp\/v2\/pages"}],"about":[{"href":"http:\/\/www.presstourism.ch\/index.php?rest_route=\/wp\/v2\/types\/page"}],"author":[{"embeddable":true,"href":"http:\/\/www.presstourism.ch\/index.php?rest_route=\/wp\/v2\/users\/1"}],"replies":[{"embeddable":true,"href":"http:\/\/www.presstourism.ch\/index.php?rest_route=%2Fwp%2Fv2%2Fcomments&post=5084"}],"version-history":[{"count":1,"href":"http:\/\/www.presstourism.ch\/index.php?rest_route=\/wp\/v2\/pages\/5084\/revisions"}],"predecessor-version":[{"id":5088,"href":"http:\/\/www.presstourism.ch\/index.php?rest_route=\/wp\/v2\/pages\/5084\/revisions\/5088"}],"up":[{"embeddable":true,"href":"http:\/\/www.presstourism.ch\/index.php?rest_route=\/wp\/v2\/pages\/341"}],"wp:attachment":[{"href":"http:\/\/www.presstourism.ch\/index.php?rest_route=%2Fwp%2Fv2%2Fmedia&parent=5084"}],"curies":[{"name":"wp","href":"https:\/\/api.w.org\/{rel}","templated":true}]}}